{"version":"1.0","provider_name":"S\u00e8me le Soleil","provider_url":"https:\/\/semelesoleil-photographie.com","author_name":"Barbara - S\u00e8me le Soleil photographie Saint-Malo","author_url":"https:\/\/semelesoleil-photographie.com\/index.php\/author\/admin1781\/","title":"Contact photographe mariage - S\u00e8me le Soleil","type":"rich","width":600,"height":338,"html":"<blockquote class=\"wp-embedded-content\" data-secret=\"spBJa8QtDK\"><a href=\"https:\/\/semelesoleil-photographie.com\/index.php\/contact-photographe-mariage\/\">Contact photographe mariage<\/a><\/blockquote><iframe sandbox=\"allow-scripts\" security=\"restricted\" src=\"https:\/\/semelesoleil-photographie.com\/index.php\/contact-photographe-mariage\/embed\/#?secret=spBJa8QtDK\" width=\"600\" height=\"338\" title=\"\u00ab\u00a0Contact photographe mariage\u00a0\u00bb &#8212; S\u00e8me le Soleil\" data-secret=\"spBJa8QtDK\" frameborder=\"0\" marginwidth=\"0\" marginheight=\"0\" scrolling=\"no\" class=\"wp-embedded-content\"><\/iframe><script type=\"text\/javascript\">\n\/* <![CDATA[ *\/\n\/*! This file is auto-generated *\/\n!function(d,l){\"use strict\";l.querySelector&&d.addEventListener&&\"undefined\"!=typeof URL&&(d.wp=d.wp||{},d.wp.receiveEmbedMessage||(d.wp.receiveEmbedMessage=function(e){var t=e.data;if((t||t.secret||t.message||t.value)&&!\/[^a-zA-Z0-9]\/.test(t.secret)){for(var s,r,n,a=l.querySelectorAll('iframe[data-secret=\"'+t.secret+'\"]'),o=l.querySelectorAll('blockquote[data-secret=\"'+t.secret+'\"]'),c=new RegExp(\"^https?:$\",\"i\"),i=0;i<o.length;i++)o[i].style.display=\"none\";for(i=0;i<a.length;i++)s=a[i],e.source===s.contentWindow&&(s.removeAttribute(\"style\"),\"height\"===t.message?(1e3<(r=parseInt(t.value,10))?r=1e3:~~r<200&&(r=200),s.height=r):\"link\"===t.message&&(r=new URL(s.getAttribute(\"src\")),n=new URL(t.value),c.test(n.protocol))&&n.host===r.host&&l.activeElement===s&&(d.top.location.href=t.value))}},d.addEventListener(\"message\",d.wp.receiveEmbedMessage,!1),l.addEventListener(\"DOMContentLoaded\",function(){for(var e,t,s=l.querySelectorAll(\"iframe.wp-embedded-content\"),r=0;r<s.length;r++)(t=(e=s[r]).getAttribute(\"data-secret\"))||(t=Math.random().toString(36).substring(2,12),e.src+=\"#?secret=\"+t,e.setAttribute(\"data-secret\",t)),e.contentWindow.postMessage({message:\"ready\",secret:t},\"*\")},!1)))}(window,document);\n\/\/# sourceURL=https:\/\/semelesoleil-photographie.com\/wp-includes\/js\/wp-embed.min.js\n\/* ]]> *\/\n<\/script>\n","description":"Mes s\u00e9ances photos sont r\u00e9alis\u00e9es sous forme de reportage.Le temps indiqu\u00e9 est le temps maximum des prestations.Je vous fournis des galeries compl\u00e8tes avec l\u2019ensemble de vos photos retouch\u00e9es en HD. RACONTEZ-MOI Ecrivez-moi votre histoire, vos projets et vos id\u00e9es. Le but de cette page est de faire connaissance et d\u00e9couvrir vos envies avant notre rencontre. [&hellip;]","thumbnail_url":"https:\/\/semelesoleil-photographie.com\/wp-content\/uploads\/2024\/11\/SemeLeSoleil-LoveStory-88-scaled.jpg","thumbnail_width":2560,"thumbnail_height":1706}